{"id":791,"date":"2012-04-07T16:07:01","date_gmt":"2012-04-07T16:07:01","guid":{"rendered":"https:\/\/vandorboy.com\/?page_id=791"},"modified":"2013-06-11T19:07:52","modified_gmt":"2013-06-11T19:07:52","slug":"tadzsik-kirgiz-tura-aug10-szept-4","status":"publish","type":"page","link":"https:\/\/vandorboy.com\/en\/tura-szervezes\/turaajanlataim-2022\/tadzsik-kirgiz-tura-aug10-szept-4\/","title":{"rendered":"Tajikistan &#8211; Kirgizistan, Kazahstan tour july-Aug"},"content":{"rendered":"<p><\/p>\n<p>Tajik Pam\u00edr &#8211; Kirgizistan (the heart of Central Asia)<\/p>\n<p>tajik translation<\/p>\n<p>Our journey consist of 3 blok<\/p>\n<p>1 <a title=\"https:\/\/vandorboy.com\/kazahsztan-korutazas\/\" href=\"https:\/\/vandorboy.com\/kazahsztan-korutazas\/\">Kazahstan National Parks<\/a> from 26th july<\/p>\n<p>2. <a title=\"https:\/\/vandorboy.com\/kirgizisztan-korutazas\/\" href=\"https:\/\/vandorboy.com\/kirgizisztan-korutazas\/\">Kyrgizistan<\/a> from 5th aug<\/p>\n<p>3. <a title=\"https:\/\/vandorboy.com\/tadzsik-pamir-korutazas\/\" href=\"https:\/\/vandorboy.com\/tadzsik-pamir-korutazas\/\">Tajikistan<\/a> aug 18-sept 1<\/p>\n<p>The heart of central Asia \u2013 Tajik Pamir<\/p>\n<p>12 days journey in Pamir would be the most difficult and the most beautiful part of our Journey.<\/p>\n<p>We will cross our path with Marco Polo the famous adventurer.<\/p>\n<p>Our tour will be with 4&#215;4 jeeps as there is no real public transport and most of the time you wont see much cars int he region, as the population is rare. We will do 3 smaler and 1 bigger trekkings reaching 3800 meters, we will go along wakhan valley, pam\u00edr highway crossing 4000 m. passes, we will participate in an Afghani market, we will meet very friendly and kind ismaili muslims here, stupas, rock carvings, hot springs, pilgrim places. We will stay in traditional pamiri houses. We will see kirgiz nomads ont he eastern part of the pamir who living in Jurtas, possible to horse ride, bath in hot springs, we will see geijser in action, and for sure lots of mountains around us.<\/p>\n<p>So here is some photos to get familiar with the region:<\/p>\n<figure id=\"attachment_952\" aria-describedby=\"caption-attachment-952\" style=\"width: 300px\" class=\"wp-caption alignleft\"><a href=\"https:\/\/vandorboy.com\/wp-content\/uploads\/2012\/03\/bulunkul-alichur-146.jpg\"><img loading=\"lazy\" decoding=\"async\" class=\"size-medium wp-image-952\" title=\"bulunkul alichur (146)\" src=\"https:\/\/vandorboy.com\/wp-content\/uploads\/2012\/03\/bulunkul-alichur-146-300x200.jpg\" alt=\"river, bulun kul\" width=\"300\" height=\"200\" srcset=\"https:\/\/vandorboy.com\/wp-content\/uploads\/2012\/03\/bulunkul-alichur-146-300x200.jpg 300w, https:\/\/vandorboy.com\/wp-content\/uploads\/2012\/03\/bulunkul-alichur-146.jpg 640w\" sizes=\"auto, (max-width: 300px) 100vw, 300px\" \/><\/a><figcaption id=\"caption-attachment-952\" class=\"wp-caption-text\">The river filling up the lake, Tajikistan<\/figcaption><\/figure>\n<p>1 nap \u2013 indul\u00e1s Budapestr\u0151l Dusanbe-be, \u00e9rkez\u00e9s hajnalban este ismerked\u00e9s a helyi \u00e9lettel, szovjet id\u0151kre val\u00f3 nosztalgi\u00e1z\u00e1s egy helyi s\u00f6r k\u00eds\u00e9ret\u00e9ben..<\/p>\n<p>2. nap <strong>Dusanbe<\/strong><\/p>\n<p>Dusanbe Tajikiszt\u00e1n f\u0151v\u00e1rosa, \u00e9l\u0151 piacok, a sug\u00e1rutak, trolibusz, Nemzeti M\u00fazeum, a nemzeti erekly\u00e9k ki\u00e1ll\u00edt\u00e1sa, hangszer m\u00fazeum, Opera h\u00e1z, mecset \u00e9s madrasza, s egy\u00e9b eml\u00e9km\u0171vek \u00e9s \u00e9rdekes szoc-barokk \u00e9p\u00fcletek megtekint\u00e9se. Alv\u00e1s egy hostelben.<\/p>\n<p>3. nap <strong>Khorog<\/strong>, <strong>Pam\u00edr, <\/strong><\/p>\n<p>Reggel elindulunk Khorog fele, utaz\u00e1s eg\u00e9sz \u00e9jszaka. (504 km, kb. 10h), v\u00e9gigk\u00f6vethetj\u00fck, hogy a lank\u00e1s term\u00e9keny nyugati orsz\u00e1gr\u00e9sz hogyan v\u00e1ltozik \u00e1t meredek hegyek, nagy folyok ovezte t\u00e1jj\u00e1.<\/p>\n<p>Este \u00e9rkez\u00fcnk Khorog-ba, Pam\u00edr auton\u00f3m ter\u00fcletek f\u0151v\u00e1ros\u00e1ba, mely egy kisv\u00e1roska csup\u00e1n a hegyek k\u00f6z\u00f6tt, de van nagy helyi piac, s itt minden lehet\u0151s\u00e9g meglesz, hogy bev\u00e1s\u00e1roljunk \u00e9lelmiszereket a k\u00f6vetkez\u0151 egy h\u00e9tre, mert ezen t\u00fal gyakorlatilag nincs v\u00e1s\u00e1rl\u00e1si lehet\u0151s\u00e9g. Term\u00e9szetesen utunk sor\u00e1n a sz\u00e1ll\u00e1sokon lesz reggeli \u00e9s vacsora\u00a0 (leves, joghurt, sajt, keny\u00e9r, keksz \u2013 ezt eszik a helyiek 365 napon kereszt\u00fcl, \u00edgy ha sz\u00ednes\u00edteni akarjuk \u00e9tkez\u00e9s\u00fcnket, akkor be kell v\u00e1s\u00e1rolni). Este j\u00f6n a meg\u00e9rdemelt pihen\u00e9s, s felk\u00e9sz\u00fcl\u00e9s a nagy kalandra. Sz\u00e1ll\u00e1s egy vend\u00e9gsz\u00e1ll\u00e1son Khorogban.<\/p>\n<p>a rep\u00fcl\u0151s\u00f6knek (rep\u00fcl\u0151 60 doll\u00e1r, s gy\u00f6ny\u00f6r\u0171 hegyek felett rep\u00fclnek meg\u00e9ri, mert nem kell z\u00f6tyk\u00f6l\u0151dni eg\u00e9sz \u00e9jszaka, 10 kg csomag lehet csak, de lemaradnak az els\u0151 trekkingr\u0151l)<\/p>\n<p>4. nap \u00a0\u00a0<strong>Wakhan Korridor<\/strong><\/p>\n<p>Az afg\u00e1n hat\u00e1rfoly\u00f3 melletti v\u00f6lgyben indul Jeepes t\u00far\u00e1nk, pakiszt\u00e1ni jelleg\u0171 hegyek, b\u00e9k\u00e9s tajik emberek, igazi \u00e9lm\u00e9ny minden km.-re az utaz\u00e1sunknak. Indul\u00e1s\u00a0 Khorogb\u00f3l reggel , majd felmegy\u00fcnk Garam Chasma gy\u00f3gy\u00edt\u00f3 term\u00e1l forr\u00e1s\u00e1hoz, majd \u00fatk\u00f6zben l\u00e1thatjuk koh i lal dr\u00e1gak\u0151 b\u00e1ny\u00e1j\u00e1t, majd eljutunk Ishkasim-ba, ahol a heti Afg\u00e1n piacot tartj\u00e1k. A k\u00f6zelben van a majd 2300 \u00e9ves Khakha er\u0151d &#8212; hogy Marco Polo \u00fatj\u00e1t k\u00f6vess\u00fck tov\u00e1bb.<\/p>\n<figure id=\"attachment_955\" aria-describedby=\"caption-attachment-955\" style=\"width: 300px\" class=\"wp-caption alignright\"><a href=\"https:\/\/vandorboy.com\/wp-content\/uploads\/2012\/04\/from-alichur-15.jpg\"><img loading=\"lazy\" decoding=\"async\" class=\"size-medium wp-image-955\" title=\"from alichur (15)\" src=\"https:\/\/vandorboy.com\/wp-content\/uploads\/2012\/04\/from-alichur-15-300x200.jpg\" alt=\"Pamir Highway\" width=\"300\" height=\"200\" srcset=\"https:\/\/vandorboy.com\/wp-content\/uploads\/2012\/04\/from-alichur-15-300x200.jpg 300w, https:\/\/vandorboy.com\/wp-content\/uploads\/2012\/04\/from-alichur-15.jpg 640w\" sizes=\"auto, (max-width: 300px) 100vw, 300px\" \/><\/a><figcaption id=\"caption-attachment-955\" class=\"wp-caption-text\">Pamir Highway<\/figcaption><\/figure>\n<p>Sz\u00e1ll\u00e1sunk helyi csal\u00e1dokn\u00e1l Ishkashim-ban.<\/p>\n<p>5. nap\u00a0 <strong>Wakhan Korridor<\/strong><\/p>\n<p>Yamchum er\u0151d 600 m magasan a hegy oldal\u00e1ban, s a k\u00f6zel\u00e9ben lev\u0151 Baba Fatima h\u0151forr\u00e1sn\u00e1l m\u00e1rt\u00f3zhatunk ism\u00e9t egyet, mely term\u00e9kenys\u00e9gjav\u00edt\u00f3 h\u00edr\u00e9ben \u00e1ll.\u00a0 Yamg faluja, szufi szent s\u00edrja, kopony\u00e1kkal d\u00edsz\u00edtett temet\u0151 a k\u00f6vetkez\u0151 l\u00e1tv\u00e1nyoss\u00e1g. \u00a0Vrang faluja: a buddhizmus eg\u00e9szen T\u00fcrkmeniszt\u00e1nig jutott el, ennek egyik \u00e1llom\u00e1sa itt volt, melynek tan\u00fabizonys\u00e1ga a sztupa. K\u00f6zel\u00e9ben remetelakok a hegyoldalban, illetve a faluban m\u00e9g v\u00edzimalmok is vannak amit megn\u00e9zhet\u00fcnk. \u00a0Langar faluja \u2013 ahol a wakhan foly\u00f3 tal\u00e1lkozik a Pam\u00edr-ral. itt 6000 sziklarajz v\u00e1rja azokat akik 40 perces emelked\u0151n felkapaszkodnak, s itt van a s\u00edrja annak a szentnek aki az ismaili vall\u00e1st behozta a Pam\u00edrba. Mind a mai napig n\u00e9pszer\u0171 zar\u00e1ndokhely.<\/p>\n<p>Sz\u00e1ll\u00e1sunk Langar faluban helyi csal\u00e1dokn\u00e1l, hagyom\u00e1nyos pam\u00edri h\u00e1zban.<\/p>\n<p>6. nap <strong>Bulunkul, Yashil Kul tava<\/strong><\/p>\n<p>Khargush-t\u00f3l a Chokur t\u00f3- ig felfele megy\u00fcnk\u00a0 a hegyekbe, l\u00e9legzetel\u00e1ll\u00edt\u00f3an sz\u00e9p k\u00f6rnyezetben. El\u00e9rj\u00fck a Pam\u00edr Highway-t, p\u00e1r s\u00f3s t\u00f3 fogad minket, majd<\/p>\n<figure id=\"attachment_962\" aria-describedby=\"caption-attachment-962\" style=\"width: 300px\" class=\"wp-caption alignright\"><a href=\"https:\/\/vandorboy.com\/wp-content\/uploads\/2012\/04\/bulunkul-alichur-182.jpg\"><img loading=\"lazy\" decoding=\"async\" class=\"size-medium wp-image-962\" title=\"bulunkul alichur (182)\" src=\"https:\/\/vandorboy.com\/wp-content\/uploads\/2012\/04\/bulunkul-alichur-182-300x200.jpg\" alt=\"Tajik, bulunkul\" width=\"300\" height=\"200\" srcset=\"https:\/\/vandorboy.com\/wp-content\/uploads\/2012\/04\/bulunkul-alichur-182-300x200.jpg 300w, https:\/\/vandorboy.com\/wp-content\/uploads\/2012\/04\/bulunkul-alichur-182.jpg 640w\" sizes=\"auto, (max-width: 300px) 100vw, 300px\" \/><\/a><figcaption id=\"caption-attachment-962\" class=\"wp-caption-text\">Tajik, bulunkul<\/figcaption><\/figure>\n<p>indulunk tov\u00e1bb Bulunkul fele, 3800 m\u00e9ter magasan, sok kirgiz jurt\u00e1val, a p\u00e1sztorok lakj\u00e1k a ny\u00e1ri h\u00f3napokban. Itt is ki\u00e1ztathatjuk magunkat egy h\u0151forr\u00e1sn\u00e1l, a \u00a0fantasztikusan k\u00e9k t\u00f3, beagyazva a hegyek k\u00f6z\u00e9 felejthetetlen \u00e9lm\u00e9nybe r\u00e9szes\u00edti a kir\u00e1ndul\u00f3t. Sz\u00e1ll\u00e1s helyi csal\u00e1dokn\u00e1l k\u0151h\u00e1zakban. (Aki jurt\u00e1ban szeretne aludni kirgiz csal\u00e1dn\u00e1l, annak lehet\u0151s\u00e9ge lesz kipr\u00f3b\u00e1lni ig\u00e9ny eset\u00e9n).<\/p>\n<p>Kisebb s\u00e9t\u00e1k, 1 bakancsos t\u00fara<\/p>\n<p>7 . <strong>Alichur, Jelandy<\/strong><\/p>\n<p>Innen megy\u00fcnk tov\u00e1bb egy kevesek \u00e1ltal ismert bels\u0151 \u00faton a hegyek mellett, \u00e9rint\u00fcnk egy gy\u00f6ny\u00f6r\u0171 k\u00f6rnyezetben kanyarg\u00f3 foly\u00f3t, a k\u00f6zel\u00e9ben megn\u00e9z\u00fcnk egy gejz\u00edrt, v\u00e9gig csod\u00e1latos k\u00f6rnyezetben haladunk, \u00a0s a napi utaz\u00e1sunk v\u00e9ge Alichur telep\u00fcl\u00e9se lesz 4000 m\u00e9ter magasan ism\u00e9t a Pam\u00edr Highway mellett. D\u00e9lut\u00e1n elindulunk Jelandy fele, hogy egy \u00a0h\u0151forr\u00e1sn\u00e1l megpihenj\u00fcnk \u00e9s felk\u00e9sz\u00fclj\u00fcnk a m\u00e1snapi t\u00far\u00e1ra. Sz\u00e1ll\u00e1sunk egy Szovjet szanat\u00f3rium \u00e9p\u00fclet\u00e9ben lesz, egy h\u0151forr\u00e1sra \u00e9p\u00fclt, \u00edgy b\u00e1rmikor csobbanhatunk egyet a kellemes meleg v\u00edzben, s \u00e9tterm\u00e9ben j\u00f3t vacsor\u00e1zhatunk.<\/p>\n<p>jeep hazamegy. ( igy 4 nap b\u00e9rl\u00e9s is el\u00e9g) s innen magunk megy\u00fcnk gyalog a hegyekbe.<\/p>\n<figure id=\"attachment_955\" aria-describedby=\"caption-attachment-955\" style=\"width: 300px\" class=\"wp-caption alignright\"><a href=\"https:\/\/vandorboy.com\/wp-content\/uploads\/2012\/04\/from-alichur-15.jpg\"><img loading=\"lazy\" decoding=\"async\" class=\"size-medium wp-image-955\" title=\"from alichur (15)\" src=\"https:\/\/vandorboy.com\/wp-content\/uploads\/2012\/04\/from-alichur-15-300x200.jpg\" alt=\"Pamir Highway\" width=\"300\" height=\"200\" srcset=\"https:\/\/vandorboy.com\/wp-content\/uploads\/2012\/04\/from-alichur-15-300x200.jpg 300w, https:\/\/vandorboy.com\/wp-content\/uploads\/2012\/04\/from-alichur-15.jpg 640w\" sizes=\"auto, (max-width: 300px) 100vw, 300px\" \/><\/a><figcaption id=\"caption-attachment-955\" class=\"wp-caption-text\">Pamir Highway<\/figcaption><\/figure>\n<p>8. \u00a0nap \u2013 <strong>Turuntai Kul tava<\/strong><\/p>\n<p>T\u00far\u00e1nkat a sz\u00e1ll\u00e1sunkt\u00f3l kezdj\u00fck, fel a Turuntai t\u00f3hoz. Elk\u00e9peszt\u0151en gy\u00f6ny\u00f6r\u0171, f\u00e9l tundra k\u00f6rnyezetbe v\u00e1gunk neki egy \u00fajabb tengerszem t\u00far\u00e1hoz, 900 m\u00e9ter folyamatos emelked\u0151n t\u00f6r\u00fcnk felfele, hogy el\u00e9nk t\u00e1ruljon a Pam\u00edr egyik h\u00e1bor\u00edtatlan k\u00e9k tengerszeme, a hatalmas Turuntai kul. Itt \u00a0ism\u00e9t 3800 m\u00e9teres h\u00e1g\u00f3kat ostromlunk kir\u00e1ndul\u00e1sunk sor\u00e1n, ami felejthetetlenn\u00e9 teszi a mai napot. Alv\u00e1s a p\u00e1sztorokn\u00e1l,\u00a0 vagy a t\u00f3 parton saj\u00e1t s\u00e1trunkban. Meleg h\u00e1l\u00f3zs\u00e1k sz\u00fcks\u00e9ges, mivel \u00e9jszaka 6-10 fokra lemegy a h\u0151m\u00e9rs\u00e9klet ilyen magasan.<\/p>\n<p>700 m\u00e9ter szint fel, kb. 7 \u00f3ra t\u00fara, 3 bakancs<\/p>\n<p>(aki nem szeretne r\u00e9szt venni ezen a 2 napos t\u00far\u00e1n, az a jeep-pel visszamegy Khorogba pihenni \u00e9s ott bev\u00e1rhat minket, vagy a t\u00far\u00e1nk v\u00e9gpontj\u00e1n\u00e1l csatlakozik hozz\u00e1nk, s onnan egy\u00fctt megy\u00fcnk tov\u00e1bb)<\/p>\n<p>9. nap <strong>Turuntai kul t\u00fara, Shokh Dara v\u00f6lgy\u00f6n<\/strong><\/p>\n<p>Reggel a t\u00f3t\u00f3l elindulunk, kb. 6 \u00f3r\u00e1s gyalogl\u00e1s imm\u00e1ron lefele, magashegyi legel\u0151k, majd egy foly\u00f3 v\u00f6lgy\u00e9ben k\u00f6vetj\u00fck az \u00f6sv\u00e9nyt, hogy ism\u00e9t 2500 m\u00e9terre ereszkedj\u00fcnk le, ahol m\u00e1r tal\u00e1lunk tany\u00e1kat, k\u00e9s\u0151bb falvakat, l\u00e1thatjuk a hegyi Tajik n\u00e9pek mostoha k\u00f6r\u00fclm\u00e9nyek k\u00f6z\u00f6tt t\u00f6lt\u00f6tt mindennapi p\u00e1sztorkod\u00f3 \u00e9let\u00e9t, ahol a h\u00f3 mentes id\u0151szak csak p\u00e1r h\u00f3napra korl\u00e1toz\u00f3dik, s m\u00e9g a krumpli sem terem meg. A teljesen izol\u00e1lt Shokh Dara v\u00f6lgy\u00f6n kereszt\u00fcl indulunk Nyugatnak, er\u0151d maradv\u00e1nyok, igazi nyugat pam\u00edri elszigetelt faluk, term\u00e9szetben elrejtett h\u0151forr\u00e1sok lesznek \u00fatk\u00f6zben, ahol ism\u00e9t ellaz\u00edthatjuk f\u00e1radt izmainkat.<\/p>\n<figure id=\"attachment_956\" aria-describedby=\"caption-attachment-956\" style=\"width: 300px\" class=\"wp-caption alignright\"><a href=\"https:\/\/vandorboy.com\/wp-content\/uploads\/2012\/04\/rosthkala-area-25.jpg\"><img loading=\"lazy\" decoding=\"async\" class=\"size-medium wp-image-956\" title=\"rosthkala area \" src=\"https:\/\/vandorboy.com\/wp-content\/uploads\/2012\/04\/rosthkala-area-25-300x200.jpg\" alt=\"Pamir, Tajik\" width=\"300\" height=\"200\" srcset=\"https:\/\/vandorboy.com\/wp-content\/uploads\/2012\/04\/rosthkala-area-25-300x200.jpg 300w, https:\/\/vandorboy.com\/wp-content\/uploads\/2012\/04\/rosthkala-area-25.jpg 640w\" sizes=\"auto, (max-width: 300px) 100vw, 300px\" \/><\/a><figcaption id=\"caption-attachment-956\" class=\"wp-caption-text\">Pamir, Tajik<\/figcaption><\/figure>\n<p>Alv\u00e1s helyi csal\u00e1dokn\u00e1l.<\/p>\n<p>10. nap\u00a0 <strong>Shokh Dara v\u00f6lgye<\/strong><\/p>\n<p>Shokh Dara v\u00f6lgye m\u00e9g sok \u00e9rdekess\u00e9get tartogat sz\u00e1munkra: megl\u00e1togathatunk falusi iskol\u00e1kat, ahol m\u00e9g \u00fatt\u00f6r\u0151 nyakkend\u0151ben j\u00e1rnak a nebul\u00f3k iskol\u00e1ba, s lenini id\u00e9zetek d\u00edsz\u00edtik az iskola folyos\u00f3j\u00e1t. Ut\u00e1na l\u00e1thatjuk Rostaqala er\u0151dj\u00e9t, Javshanguzn\u00e1l r\u00e1pillanthatunk a Marx \u00e9s Engels 6-7000-es cs\u00facsaira. \u00a0Mai nap is lesz egy kisebb kir\u00e1ndul\u00e1s, p\u00e1r \u00f3r\u00e1s t\u00far\u00e1val feljutunk a \u00a0Durum Kul t\u00f3hoz (600 m\u00e9ter szint fel), Shasbuvand \u00e9s Deruj faluk megl\u00e1togat\u00e1sa is \u00e9rdekes id\u0151utaz\u00e1s.<\/p>\n<p>5 \u00f3ra kir\u00e1ndul\u00e1s, 600m\u00e9ter fel, le, 2 bakancs<\/p>\n<p>11. nap \u2013 <strong>Khorog, Bharatang v\u00f6lgy<\/strong><\/p>\n<p>Mai nap vissza\u00e9r\u00fcnk Khorog-ba, pihen\u0151 nap lesz, ahol bev\u00e1rhatjuk a kirgiziszt\u00e1ni \u00fathoz csatlakoz\u00f3kat, illetve elb\u00facs\u00fazunk azokt\u00f3l, akik csak a program els\u0151 fel\u00e9re j\u00f6ttek csak el.<\/p>\n<p>Akik \u00a0pedig maradnak \u00e9s k\u00edv\u00e1ncsiak egy m\u00e1sik \u00e9rdekes v\u00f6lgyre 50 km re Khorogtol, lehets\u00e9ges fakultat\u00edv programkent elmenni a\u00a0 Gheisev \u00e9s\u00a0 Bharatang <a href=\"https:\/\/vandorboy.com\/wp-content\/uploads\/2012\/04\/osh-bishkek-jpg-119.jpg\"><img loading=\"lazy\" decoding=\"async\" class=\"alignright size-medium wp-image-895\" title=\"osh-bishkek jpg (119)\" src=\"https:\/\/vandorboy.com\/wp-content\/uploads\/2012\/04\/osh-bishkek-jpg-119-300x200.jpg\" alt=\"\" width=\"300\" height=\"200\" srcset=\"https:\/\/vandorboy.com\/wp-content\/uploads\/2012\/04\/osh-bishkek-jpg-119-300x200.jpg 300w, https:\/\/vandorboy.com\/wp-content\/uploads\/2012\/04\/osh-bishkek-jpg-119.jpg 640w\" sizes=\"auto, (max-width: 300px) 100vw, 300px\" \/><\/a>v\u00f6lgybe, ahol egy gy\u00f6ny\u00f6r\u0171 kir\u00e1ndul\u00e1st tesz\u00fcnk, f\u00fcgg\u0151h\u00eddon vagy k\u00e1belen f\u00fcgg\u0151 k\u00e9zzel h\u00fazhat\u00f3 kocsin \u00e1tkel\u00fcnk a z\u00fag\u00f3 foly\u00f3n (att\u00f3l f\u00fcgg, hogy az es\u0151 elmosta-e a hidat), majd fantasztikus k\u00f6rnyezetben, meredek hegyek v\u00f6lgy\u00e9ben egy zubog\u00f3 kispatak ment\u00e9n t\u00far\u00e1zunk fel\u00a0 3 (kitart\u00f3bbaknak 4) tengerszemhez.<\/p>\n<p>(kb. 7 \u00f3ra oda vissza. 700m. szintemelked\u00e9s, 3 bakancs)<\/p>\n<p>(aki csak az alap programra fizetett be, az visszamegy \u00a0jeepel Dushanbe-be, majd a 12. napon elrep\u00fcl Mo.- ra.<\/p>\n<p>Akik a Kirgiziszt\u00e1n t\u00far\u00e1ra tudnak csak elj\u00f6nni, de v\u00e9gig akarnak menni a Pam\u00edr Highway-en azok csatlakozhatnak hozz\u00e1nk itt (Bp &#8211; Dushanbe \u2013 Khorog rep\u00fcl\u0151\u00fat), avagy megtehetik ezt Bishkek-ben is a 15. napon.<\/p>\n<p>A \u00a0t\u00f6bbiekkel folytatjuk utunkat Kirgiziszt\u00e1n fele a Pam\u00edr Highway-en, Murghabon kereszt\u00fcl.)<\/p>\n<p>12. nap Khorog &#8211; <strong>Murghab<\/strong><\/p>\n<p>\u00c1tutazunk a\u00a0 Pam\u00edr Highway-en, a hajdani szovjet hadi\u00faton, melyet az afganiszt\u00e1ni h\u00e1bor\u00fa ut\u00e1np\u00f3tl\u00e1s vonalak\u00e9nt \u00e9p\u00edtettek, \u00e1tkel\u00fcnk 4667 m\u00e9teres Bazar Dara h\u00e1g\u00f3n is. \u00a0C\u00e9lunk Murghab, Kelet Pam\u00edr k\u00f6zpontja, ahova \u00a04200 m\u00e9teres h\u00e1g\u00f3kon kereszt\u00fcl jutunk el. \u00datk\u00f6zben gy\u00f6ny\u00f6r\u0171 v\u00f6lgyek, foly\u00f3k, tavak, letisztult form\u00e1k, kicsit Ladakh fenns\u00edk hangulat\u00fa t\u00e1j, j\u00f3 fot\u00f3 t\u00e9m\u00e1k. Ezen a ter\u00fcleten m\u00e1r kirgizek \u00e9lnek, m\u00e1s \u00f6lt\u00f6zet, m\u00e1s \u00e9letforma, egyre t\u00f6bb a mongolos arc, jurta, a kirgiz fejfed\u0151, s mostant\u00f3l kumiszt is napi szinten fogyaszthatunk. Alv\u00e1s Mughab-ban.<\/p>\n<figure id=\"attachment_2825\" aria-describedby=\"caption-attachment-2825\" style=\"width: 225px\" class=\"wp-caption alignright\"><a href=\"https:\/\/vandorboy.com\/wp-content\/uploads\/2012\/04\/01-arrival-to-kirgizist-28.jpg\"><img loading=\"lazy\" decoding=\"async\" class=\"size-medium wp-image-2825\" title=\"arrival to kirgizistan\" src=\"https:\/\/vandorboy.com\/wp-content\/uploads\/2012\/04\/01-arrival-to-kirgizist-28-225x300.jpg\" alt=\"arrival to kirgizistan\" width=\"225\" height=\"300\" srcset=\"https:\/\/vandorboy.com\/wp-content\/uploads\/2012\/04\/01-arrival-to-kirgizist-28-225x300.jpg 225w, https:\/\/vandorboy.com\/wp-content\/uploads\/2012\/04\/01-arrival-to-kirgizist-28-768x1024.jpg 768w, https:\/\/vandorboy.com\/wp-content\/uploads\/2012\/04\/01-arrival-to-kirgizist-28.jpg 1944w\" sizes=\"auto, (max-width: 225px) 100vw, 225px\" \/><\/a><figcaption id=\"caption-attachment-2825\" class=\"wp-caption-text\">arrival to kirgizistan<\/figcaption><\/figure>\n<p>13. nap <strong>\u2013 Bel\u00e9p\u00e9s Kirgiziszt\u00e1nba,<\/strong><\/p>\n<p>Jeepunk hajnalban indul Kara -kul t\u00f3hoz, kis s\u00e9ta a faluban, majd ism\u00e9t egy 4 ezres h\u00e1g\u00f3n kel\u00fcnk \u00e1t ahol megt\u00f6rt\u00e9nik \u00e9let\u00fcnk legmagasabb hat\u00e1r\u00e1tl\u00e9p\u00e9se Sary Tash-n\u00e1l 4000 m\u00e9teren. Tiszta id\u0151ben l\u00e1thatjuk a kommunizmus cs\u00facs 7 ezres ormait is, de van es\u00e9ly\u00fcnk havaz\u00e1sra is. Majd ir\u00e1ny vissza a tengerszint fele, ahol m\u00e1r \u00e9rezni fogjuk a s\u0171r\u0171bb leveg\u0151t, a kellemes nyarat, rengeteg z\u00f6lds\u00e9get \u00e9s gy\u00fcm\u00f6lcs\u00f6t vehet\u00fcnk. Osh v\u00e1rosa fele igyeksz\u00fcnk, de egy kis kit\u00e9r\u0151t tesz\u00fcnk Gulcha faluj\u00e1ba, ahol egy \u00a0h\u0151forr\u00e1s tal\u00e1lhat\u00f3, hogy a hideg kalandot feloldjuk a meleg v\u00edzben. Ha szerencs\u00e9nk van, m\u00e9g elcs\u00edpj\u00fck a l\u00f3 \u00e9s \u00e1llat v\u00e1s\u00e1rt egy k\u00f6zeli piacon. \u00a0Sz\u00e1ll\u00e1sunk Osh v\u00e1ros\u00e1ban lesz.<\/p>\n<p>(Murgab \u00a0&#8211; Osh\u00a0 412 km, kb. 8 \u00f3ra,\u2013 )<\/p>\n<p>14. nap <strong>Osh \u00a0&#8211; \u00d6zg\u00f6n <\/strong><\/p>\n<p>R\u00f6vid v\u00e1rosn\u00e9z\u00e9s ebben a t\u00f6bbs\u00e9gi \u00fczb\u00e9g ter\u00fcleten, amelyet m\u00e9g Szt\u00e1lin hozott l\u00e9tre, hogy legyen elegend\u0151 lakoss\u00e1g egy \u00f6n\u00e1ll\u00f3 tagk\u00f6zt\u00e1rsas\u00e1g l\u00e9trehoz\u00e1s\u00e1hoz. Ez a d\u00f6nt\u00e9se rengeteg etnikai fesz\u00fclts\u00e9get okozott a Szovjetuni\u00f3 felboml\u00e1sa ut\u00e1n, s a legut\u00f3bbi konfliktus nyomai m\u00e9g ma is l\u00e1that\u00f3ak Osh-ban, a p\u00e1r \u00e9vvel ezel\u0151tti v\u00e1laszt\u00e1sok el\u0151tti pogromnak k\u00f6sz\u00f6nhet\u0151en. Megn\u00e9zz\u00fck a l\u00e1tv\u00e1nyoss\u00e1gokat, belv\u00e1rost, temet\u0151t, piacot, a megmaradt Lenin szobrot, parkokat, mecseteket. Majd d\u00e9lut\u00e1n indulunk tov\u00e1bb \u00d6zg\u00f6n v\u00e1rosk\u00e1j\u00e1ba ahol az \u00fczb\u00e9g t\u00f6rt\u00e9neti \u00e9p\u00edt\u00e9szet p\u00e1r \u00e9ps\u00e9gben maradt \u00e9p\u00fclete (12. sz.-i mauz\u00f3leum \u00e9s minaret) ad k\u00e9pet a selyem \u00fat hajdan volt pezsg\u0151 kult\u00far\u00e1j\u00e1r\u00f3l.<\/p>\n<p>Sz\u00e1ll\u00e1sunk egy vend\u00e9gsz\u00e1ll\u00e1son lesz.<\/p>\n<p>15. nap<strong> Toktogul \u2013 Ala Bel h\u00e1g\u00f3 &#8211; Bishkek<\/strong><\/p>\n<figure id=\"attachment_2827\" aria-describedby=\"caption-attachment-2827\" style=\"width: 300px\" class=\"wp-caption alignright\"><a href=\"https:\/\/vandorboy.com\/wp-content\/uploads\/2012\/04\/kirgiz-intro-3.jpg\"><img loading=\"lazy\" decoding=\"async\" class=\"size-medium wp-image-2827\" title=\"kirgiz intro, Ala Kul\" src=\"https:\/\/vandorboy.com\/wp-content\/uploads\/2012\/04\/kirgiz-intro-3-300x225.jpg\" alt=\"kirgiz intro\" width=\"300\" height=\"225\" \/><\/a><figcaption id=\"caption-attachment-2827\" class=\"wp-caption-text\">kirgiz intro Ala Kul<\/figcaption><\/figure>\n<p>Ut\u00e1na indulunk tov\u00e1bb, \u00fatk\u00f6zben tal\u00e1lkozunk nom\u00e1dokkal, jurt\u00e1kkal, lehet\u0151s\u00e9g\u00fcnk lesz megk\u00f3stolni eredeti k\u00f6rnyezet\u00e9ben k\u00e9sz\u00fclt kumiszt. Toktogul t\u00f3 partja fest\u0151i k\u00f6rnyezet, kapkodjuk a fej\u00fcnket a sz\u00e9p term\u00e9szeti form\u00e1k s tavak l\u00e1tt\u00e1n. Tundra jelleg\u0171 magasf\u00f6ld\u00f6n haladunk, majd felkapaszkodunk Ala Bel\u00a0 h\u00e1g\u00f3\u00a0 3100 m\u00e9teres, majd egy m\u00e1sik h\u00e1g\u00f3 3500 m\u00e9teres \u00e1tj\u00e1r\u00f3j\u00e1hoz, mely sz\u00e9d\u00edt\u0151 \u00a0magass\u00e1gban sok kanyaron kereszt\u00fcl juttat \u00e1t minket Kirgiziszt\u00e1n \u00e9szaki r\u00e9sz\u00e9be, hogy Bishkek-ben v\u00e9gre megpihenj\u00fcnk a hossz\u00fa utaz\u00e1ssal t\u00f6lt\u00f6tt napok ut\u00e1n. Sz\u00e1ll\u00e1s vend\u00e9gsz\u00e1ll\u00e1son.<\/p>\n<p>(itt csatlakozhatnak be a csak a Kirgiz kieg\u00e9sz\u00edt\u0151 \u00fatra befizetett utasok)<\/p>\n<p>16. nap <strong>Issyk Kul , Karakol<\/strong><\/p>\n<p>Innen indulunk tov\u00e1bb Kirgiziszt\u00e1n legh\u00edresebb tava fel\u00e9, mely ma az orsz\u00e1g Balatonja, kellemes nyaral\u00f3hely 1800 m\u00e9ter magas fest\u0151i k\u00f6rnyezetben, amit 4 \u2013 5 ezres hegyek \u00f6lelik k\u00f6rbe a k\u00e9ken csillog\u00f3 hegyi tavat . L\u00e1thatunk itt bronz kori barlangrajzokat is. Karakol v\u00e1rosk\u00e1ban alszunk meg, mely h\u00edres heti piac\u00e1r\u00f3l, s egy kis szerencs\u00e9vel r\u00e9szt vehet\u00fcnk a k\u00fcl\u00f6nleges v\u00e1s\u00e1ri forgatagban.<\/p>\n<p>Sz\u00e1ll\u00e1s Karakolban egy vend\u00e9gh\u00e1zban<\/p>\n<p>17. nap\u00a0 <strong>Arashan v\u00f6lgy<\/strong><\/p>\n<p>Hajnalban megn\u00e9zz\u00fck a hagyom\u00e1nyos m\u00faltid\u00e9z\u0151 heti l\u00f3 piac forgatag\u00e1t, ahova m\u00e1r \u00e9jjel meg\u00e9rkeznek a p\u00e1sztorok, keresked\u0151k. L\u00e1thatunk \u00e9l\u0151ben autentikus patkol\u00e1st, elad\u00f3 nyergeket, felszerel\u00e9seket, s term\u00e9szetesen a norm\u00e1l piac is beindul reggelre. D\u00e9lel\u0151tt elindulunk a 3 napos igazi t\u00far\u00e1nkra. Alpesi k\u00f6rnyezetben, hatalmas feny\u0151k k\u00f6z\u00f6tt, zubog\u00f3 foly\u00f3 menten indulunk felfele 3000 ezer m\u00e9terig, majd alv\u00e1s s\u00e1torban a hegyekben egy tiszt\u00e1son.<\/p>\n<p>Kb 5h \u00fat, 600 m\u00e9ter felfele, 3 bakancs<\/p>\n<p>(Aki nem akar r\u00e9szt venni ezen a 3 napos t\u00far\u00e1n, azok maradnak Karakolban m\u00e9g egy napot, \u00f6n\u00e1ll\u00f3an felfedezhetik a Tavat, f\u00fcr\u00f6dhetnek, majd \u00a0a 18. napon egy kisebb kir\u00e1ndul\u00e1st aj\u00e1nlunk, 5 h s\u00e9ta fel egy f\u00f6ld\u00faton, \u00a0s Altyn Arashan h\u0151forr\u00e1sn\u00e1l tal\u00e1lkozunk vel\u00fck a vend\u00e9gh\u00e1zban, ahol megalszanak \u00e9s bev\u00e1rnak minket, majd egy\u00fctt indulunk vissza Karakolba a 19. napon.)<\/p>\n<p>18. <strong>Ala kul (t\u00f3)<\/strong><\/p>\n<p>A t\u00fara m\u00e1sodik napj\u00e1n \u00e9r\u00fcnk fel a gy\u00f6ny\u00f6r\u0171 m\u00e9lyk\u00e9k sz\u00edn\u0171, hatalmas hegyekkel k\u00f6r\u00fclvett tengerszemhez, majd felkaptatunk a havas h\u00e1g\u00f3hoz (3860 m\u00e9ter), ahonnan elk\u00e9sz\u00edthetj\u00fck \u00e9let\u00fcnk egyik legszebb fot\u00f3it, az alattunk elter\u00fcl\u0151, ezer m\u00e9teres m\u00e9lys\u00e9g\u0171, hatalmas v\u00edzt\u00f6meget t\u00e1rol\u00f3, \u00e9rintetlen tengerszemr\u0151l. Kevesek privil\u00e9giuma t\u00far\u00e1zni ebben a h\u00e1bor\u00edtatlan \u00e1lomsz\u00e9p k\u00f6rnyezetben, ahol csak mi vagyunk \u00e9s a hegyek, foly\u00f3k, \u00f6sv\u00e9nyek, havas cs\u00facsok, csend \u00e9s friss hegyi leveg\u0151. A\u00a0 h\u00e1g\u00f3t el\u00e9rve havas lejt\u0151n ereszked\u00fcnk lefele, majd egy v\u00f6lgy\u00f6n kereszt\u00fcl folytatjuk lefele utunkat egy kellemesebb melegebb helyre, ahol s\u00e1torban egy tiszt\u00e1son t\u00f6ltj\u00fck az \u00e9jszak\u00e1t helyi p\u00e1sztorok k\u00f6zel\u00e9ben.<\/p>\n<p>Tura 10h, 800 m\u00e9ter fel, 400 m\u00e9ter le, 3 bakancs<\/p>\n<p>19. <strong>Altyn Arashan<\/strong><\/p>\n<p>T\u00far\u00e1nk utols\u00f3 napj\u00e1n m\u00e1r alpesi k\u00f6rnyezetben, feny\u0151f\u00e1k k\u00f6z\u00f6tt ereszked\u00fcnk lefele, s a h\u00edres Altyn Arashan h\u0151forr\u00e1sn\u00e1l fejezz\u00fck be t\u00far\u00e1nkat (3000m.), ahol ki\u00e1ztatjuk megf\u00e1radt tagjainkat a kellemes krist\u00e1lytiszta meleg viz\u0171 medenc\u00e9kben (38 fokos), mik\u00f6zben fantasztikus k\u00f6rnyezet van k\u00f6r\u00f6tt\u00fcnk, legel\u0151k, erd\u0151k \u00e9s \u00f3ri\u00e1si hegyek. Senki nem fogja elfelejteni ezt a t\u00far\u00e1t, s legsz\u00edvesebben maradna m\u00e9g p\u00e1r napot, de mi indulunk lefele Karakol-ba.<\/p>\n<p>Tura 1000 m\u00e9ter lefele, 7h, 3 bakancs<\/p>\n<p><strong>20. nap Karakol &#8211; Song kul,<\/strong><\/p>\n<p>Karakolban buszra sz\u00e1llunk \u00e9s 5 \u00f3ra m\u00falva egy h\u00e1g\u00f3n \u00e1tkelve ism\u00e9t egy hegyl\u00e1nc l\u00e1b\u00e1n\u00e1l lesz\u00fcnk, Biskek-t\u0151l \u00c9szakra elter\u00fcl\u0151 hegyl\u00e1nc m\u00f6g\u00f6tti r\u00e9gi\u00f3 fenns\u00edkja h\u00edvogat minket egy nap kir\u00e1ndul\u00e1sra a Song Kul nev\u0171 tengerszemhez, ahova akar l\u00f3h\u00e1ton is felmehet\u00fcnk! Alv\u00e1s helyi nom\u00e1dokn\u00e1l vagy s\u00e1torban.<\/p>\n<p>21. nap <strong>Song kul, Jungal<\/strong><\/p>\n<p>Kir\u00e1ndul\u00e1sunk sor\u00e1n visszacs\u00f6ppen\u00fcnk a nom\u00e1d v\u00e1ndorok \u00e9let\u00e9be, gy\u00f6ny\u00f6rk\u00f6dhet\u00fcnk a tibet jelleg\u0171 t\u00e1jban,\u00a0 l\u00e1tunk\u00a0 a tengerszemn\u00e9l hal\u00e1szokat, ehet\u00fcnk vel\u00fck a krist\u00e1lytiszta t\u00f3b\u00f3l \u00e9ppen kifogott halakat. Este visszat\u00e9r\u00fcnk Jungalba, ahol helyi csal\u00e1dokn\u00e1l alszunk, s \u00e9lvezhetj\u00fck vend\u00e9gszeretet\u00fcket.<\/p>\n<p>600 m\u00e9ter szint fel, le, 6 h t\u00fara, 3 bakancs<\/p>\n<p><strong>22. nap \u00a0Chong Khemin h\u0151forr\u00e1s<\/strong><\/p>\n<p>Jungalb\u00f3l reggel elindulunk, t\u00f6bb \u00f3ra utaz\u00e1s ut\u00e1n a Bishkek k\u00f6rny\u00e9ki hegyekn\u00e9l felmegy\u00fcnk Chong Khemin gy\u00f3gy\u00edt\u00f3 h\u0151forr\u00e1shoz, lelazulni kicsit, kipihenni az el\u0151z\u0151 napi t\u00far\u00e1kat ebben az eg\u00e9szs\u00e9ges hegyi k\u00f6rnyezetben. Alv\u00e1s a hegyi szanat\u00f3riumban.<\/p>\n<p>(ez gyakorlatilag k<em>ihagyhat\u00f3, csak buffer napnak tettem be, ha esetleg vhol csusz\u00e1s lenne.<\/em><em><\/em><\/p>\n<p><strong>\u00a023. nap Biskek<\/strong><\/p>\n<p>reggel vissza Biskek, belv\u00e1rosi v\u00e1rosn\u00e9z\u00e9s, m\u00fazeumok, patin\u00e1s \u00e9p\u00fcletek, parkok, vid\u00e1m park, \u00a0esti g\u00e9p eset\u00e9n indul\u00e1s Bp.-re.<\/p>\n<p>24. nap<\/p>\n<p>vagy\u00a0 reggeli g\u00e9p eset\u00e9n ma lesz indul\u00e1s haza.<\/p>\n<p>vagy nezegess <a href=\"https:\/\/picasaweb.google.com\/107909684286332002609\/Tajikistan\">https:\/\/picasaweb.google.com\/107909684286332002609\/Tajikistan<\/a><\/p>\n<p>https:\/\/picasaweb.google.com\/107909684286332002609\/KIRGIZISTAN#<\/p>\n<p>google map doesnt work for tajik Pamir and many other areas.. so rafly my rest of the journey is here we did this year.<\/p>\n<p><iframe loading=\"lazy\" src=\"https:\/\/maps.google.com\/maps?f=d&#038;source=s_d&#038;saddr=Panjakent,+Sughd+Province,+Tajikistan&#038;daddr=Hudzsand,+T%C3%A1dzsikiszt%C3%A1n+to:Os,+Kirgiziszt%C3%A1n+to:Biskek,+Kirgiziszt%C3%A1n+to:Karakol,+Issyk+Kul+Province,+Kyrgyzstan+to:Biskek,+Kirgiziszt%C3%A1n+to:Almaty+City,+Almaty+Province,+Kazakhstan+to:Kegen,+Almaty+Province,+Kazakhstan+to:P-16+to:Almati,+Kazahszt%C3%A1n&#038;geocode=FWmVWgIdzYMHBClnBRYbdTqzODGskcnU7EzZcQ%3BFcWsZgIdNYUmBCkNPqvD3bKxODE37k_PRdxMHw%3BFVlXagId_dJWBCmFLlp_Aay9ODGVe_TGHcaj4A%3BFQYljgId6x5yBCmByLOR3LeeODF94t589bouSQ%3BFYU-iAIdAEqsBCkLTPDhkVuGODH67OcAOf5b6w%3BFQYljgId6x5yBCmByLOR3LeeODF94t589bouSQ%3BFRIFlAId9JeVBCmry8UWfW6DODF2bZitj2ZEPQ%3BFQJokAIdi9i4BCll-V5T51yHODEc3f9Utk6C9Q%3BFZcvkQId2XCsBA%3BFRIFlAId9JeVBCmry8UWfW6DODF2bZitj2ZEPQ&#038;aq=&#038;sll=39.419221,71.125488&#038;sspn=10.722648,23.269043&#038;hl=hu&#038;dirflg=w&#038;mra=ls&#038;ie=UTF8&#038;t=m&#038;ll=41.508577,73.410645&#038;spn=7.896728,14.0625&#038;z=6&#038;output=embed\" frameborder=\"0\" marginwidth=\"0\" marginheight=\"0\" scrolling=\"no\" width=\"740\" height=\"680\"><\/iframe><\/p>\n<p><small><a style=\"color: #0000ff; text-align: left;\" href=\"https:\/\/maps.google.com\/maps?f=d&#038;source=embed&#038;saddr=Panjakent,+Sughd+Province,+Tajikistan&#038;daddr=Hudzsand,+T%C3%A1dzsikiszt%C3%A1n+to:Os,+Kirgiziszt%C3%A1n+to:Biskek,+Kirgiziszt%C3%A1n+to:Karakol,+Issyk+Kul+Province,+Kyrgyzstan+to:Biskek,+Kirgiziszt%C3%A1n+to:Almaty+City,+Almaty+Province,+Kazakhstan+to:Kegen,+Almaty+Province,+Kazakhstan+to:P-16+to:Almati,+Kazahszt%C3%A1n&#038;geocode=FWmVWgIdzYMHBClnBRYbdTqzODGskcnU7EzZcQ%3BFcWsZgIdNYUmBCkNPqvD3bKxODE37k_PRdxMHw%3BFVlXagId_dJWBCmFLlp_Aay9ODGVe_TGHcaj4A%3BFQYljgId6x5yBCmByLOR3LeeODF94t589bouSQ%3BFYU-iAIdAEqsBCkLTPDhkVuGODH67OcAOf5b6w%3BFQYljgId6x5yBCmByLOR3LeeODF94t589bouSQ%3BFRIFlAId9JeVBCmry8UWfW6DODF2bZitj2ZEPQ%3BFQJokAIdi9i4BCll-V5T51yHODEc3f9Utk6C9Q%3BFZcvkQId2XCsBA%3BFRIFlAId9JeVBCmry8UWfW6DODF2bZitj2ZEPQ&#038;aq=&#038;sll=39.419221,71.125488&#038;sspn=10.722648,23.269043&#038;hl=hu&#038;dirflg=w&#038;mra=ls&#038;ie=UTF8&#038;t=m&#038;ll=41.508577,73.410645&#038;spn=7.896728,14.0625&#038;z=6\">Nagyobb t\u00e9rk\u00e9pre v\u00e1lt\u00e1s<\/a><\/small><\/p>\n<p><\/p>","protected":false},"excerpt":{"rendered":"<p>Tajik Pam\u00edr &#8211; Kirgizistan (the heart of Central Asia) tajik translation Our journey consist of 3 blok 1 Kazahstan National Parks from 26th july 2. Kyrgizistan from 5th aug 3&#8230;.<\/p>\n","protected":false},"author":1,"featured_media":0,"parent":788,"menu_order":1,"comment_status":"open","ping_status":"closed","template":"","meta":{"ngg_post_thumbnail":0,"footnotes":""},"class_list":["post-791","page","type-page","status-publish","hentry"],"_links":{"self":[{"href":"https:\/\/vandorboy.com\/en\/wp-json\/wp\/v2\/pages\/791","targetHints":{"allow":["GET"]}}],"collection":[{"href":"https:\/\/vandorboy.com\/en\/wp-json\/wp\/v2\/pages"}],"about":[{"href":"https:\/\/vandorboy.com\/en\/wp-json\/wp\/v2\/types\/page"}],"author":[{"embeddable":true,"href":"https:\/\/vandorboy.com\/en\/wp-json\/wp\/v2\/users\/1"}],"replies":[{"embeddable":true,"href":"https:\/\/vandorboy.com\/en\/wp-json\/wp\/v2\/comments?post=791"}],"version-history":[{"count":0,"href":"https:\/\/vandorboy.com\/en\/wp-json\/wp\/v2\/pages\/791\/revisions"}],"up":[{"embeddable":true,"href":"https:\/\/vandorboy.com\/en\/wp-json\/wp\/v2\/pages\/788"}],"wp:attachment":[{"href":"https:\/\/vandorboy.com\/en\/wp-json\/wp\/v2\/media?parent=791"}],"curies":[{"name":"wp","href":"https:\/\/api.w.org\/{rel}","templated":true}]}}